{"id":26734,"date":"2024-11-08T02:32:46","date_gmt":"2024-11-08T02:32:46","guid":{"rendered":"https:\/\/transformiran.com\/tana-jouluna-iranin-lasten-kanssa\/"},"modified":"2025-04-02T11:04:18","modified_gmt":"2025-04-02T10:04:18","slug":"tana-jouluna-iranin-lasten-kanssa","status":"publish","type":"page","link":"https:\/\/transformiran.com\/fi\/tana-jouluna-iranin-lasten-kanssa\/","title":{"rendered":"T\u00e4n\u00e4 jouluna: Iranin lasten kanssa"},"content":{"rendered":"\n<p><\/p>\n\n<p class=\"has-vivid-red-color has-text-color has-link-color has-medium-font-size wp-elements-6f3940b93d0a3d422f86394fea5f8b24\"><strong>Ajattelisitko t\u00e4n\u00e4 lahjoituskautena Iranin lapsia?<\/strong><\/p>\n\n<p><\/p>\n\n<h2 class=\"wp-block-heading\"><strong>Tarve on kiireellinen. Vaikutus on ikuinen. <\/strong><\/h2>\n\n<p>Iranin lapsilla on edess\u00e4\u00e4n ennenn\u00e4kem\u00e4tt\u00f6mi\u00e4 haasteita. Sortohallinnosta kasvavaan k\u00f6yhyyteen ja sodan tuhoisiin vaikutuksiin n\u00e4m\u00e4 nuoret syd\u00e4met tarvitsevat toivon ja rakkauden perustan. Monet n\u00e4ist\u00e4 lapsista &#8211; sek\u00e4 Iranissa ett\u00e4 pakolaisina naapurimaissa &#8211; k\u00e4\u00e4ntyv\u00e4t Kristuksen puoleen ja l\u00f6yt\u00e4v\u00e4t voimaa h\u00e4nen sanomastaan. He tarvitsevat kuitenkin apuamme kasvaakseen uskossaan ja pysy\u00e4kseen vahvana vastoink\u00e4ymisten edess\u00e4.   <\/p>\n\n<p><\/p>\n\n<blockquote class=\"wp-block-quote is-layout-flow wp-block-quote-is-layout-flow\">\n<p>Joka aamu ennen koulunk\u00e4ynti\u00e4 poikamme rukoilee: &#8220;Jeesus, ole kiltti ja suojele minua silt\u00e4, ett\u00e4 minua ei hakattaisi t\u00e4n\u00e4\u00e4n.<\/p>\n<\/blockquote>\n\n<div class=\"wp-block-group has-background\" style=\"background-color:#e9ebe9\"><div class=\"wp-block-group__inner-container is-layout-constrained wp-block-group-is-layout-constrained\">\n<h2 class=\"wp-block-heading\"><strong>Voit vaikuttaa pysyv\u00e4sti.<\/strong><\/h2>\n\n\n\n<p>Sinun tuellasi voimme tarjota iranilaisille lapsille resursseja, kristillisen yhteis\u00f6n ja ohjausta, joita he tarvitsevat menesty\u00e4kseen. Yhdess\u00e4 voimme auttaa heit\u00e4 pysym\u00e4\u00e4n vahvana uskossaan ja todistamaan ymp\u00e4r\u00f6iv\u00e4lle maailmalle.   <mark style=\"background-color:rgba(0, 0, 0, 0)\" class=\"has-inline-color has-vivid-red-color\">Auttaisitko meit\u00e4 saavuttamaan tavoitteemme, joka on 1000 lapsen tavoittaminen t\u00e4n\u00e4 lahjoituskautena?<\/mark><\/p>\n\n\n\n<div class=\"wp-block-buttons is-layout-flex wp-block-buttons-is-layout-flex\">\n<div class=\"wp-block-button\"><a class=\"wp-block-button__link has-white-color has-vivid-red-background-color has-text-color has-background has-link-color wp-element-button\" href=\"https:\/\/transformiran.com\/fi\/donate\/\"><strong>Lahjoita nyt<\/strong><\/a><\/div>\n<\/div>\n<\/div><\/div>\n\n<hr class=\"wp-block-separator has-alpha-channel-opacity\"\/>\n\n<h2 class=\"wp-block-heading\"><strong>Miksi tuellasi on merkityst\u00e4<\/strong><\/h2>\n\n<h4 class=\"wp-block-heading has-black-color has-text-color has-link-color wp-elements-5d1df4d7772fe471df177e1e3a0ccd1f\"><strong>Iranin lapsilla on edess\u00e4\u00e4n k\u00e4sitt\u00e4m\u00e4tt\u00f6mi\u00e4 haasteita:<\/strong><\/h4>\n\n<p><\/p>\n\n<ul class=\"wp-block-list\">\n<li><strong>Iranissa:<\/strong> Heihin kohdistuu kovia paineita mukautua valtiojohtoiseen ideologiaan, jossa islamin opiskelu on pakollista. Silti monet valitsevat seuraamisen Kristuksen, vaikka heit\u00e4 vainotaan p\u00e4ivitt\u00e4in raskaasti. He kasvavat hallituksessa, joka rajoittaa heid\u00e4n vapauttaan, \u00e4\u00e4nt\u00e4\u00e4n ja jopa tulevaisuuttaan. Ilman Kristuksen toivoa kasvaa sukupolvi, jonka keskuudessa on h\u00e4lytt\u00e4v\u00e4n paljon riippuvuutta, masennusta, ahdistusta ja itsemurhia.   <br\/><\/li>\n\n\n\n<li><strong>Pakolaisina:<\/strong> Monet iranilaislapset ovat joutuneet pakenemaan kodeistaan vanhempiensa uskon tai poliittisen vakaumuksen vuoksi. Pakolaisina he el\u00e4v\u00e4t ep\u00e4toivoisissa oloissa (he saavat vain rajoitetusti ty\u00f6t\u00e4 tai sairaanhoitoa), ja heit\u00e4 uhkaa jatkuva karkotus, hyv\u00e4ksik\u00e4ytt\u00f6 ja erist\u00e4minen. Koulussa ik\u00e4toverit ja opettajat vainoavat n\u00e4it\u00e4 lapsia edelleen.  <\/li>\n<\/ul>\n\n<p><\/p>\n\n<blockquote class=\"wp-block-quote is-layout-flow wp-block-quote-is-layout-flow\">\n<p>Pienikin asia, joka voisi \u00e4rsytt\u00e4\u00e4 muita oppilaita tai opettajia, aiheuttaa meille vakavia fyysisi\u00e4 seurauksia. Meill\u00e4 on v\u00e4hemm\u00e4n oikeuksia ja mahdollisuuksia puhua tai osallistua opetukseen; mielipiteemme eiv\u00e4t ole tervetulleita. Opettajat todella testaavat meit\u00e4 ja yritt\u00e4v\u00e4t saada meid\u00e4t kiinni kysymyksill\u00e4\u00e4n. Meihin kohdistuu suurta henkist\u00e4 ja psyykkist\u00e4 rasitusta. Kaiken t\u00e4m\u00e4n keskell\u00e4 on aina pelko \u00e4killisest\u00e4 karkotuksesta. Jotkut yst\u00e4vist\u00e4mme on kirjaimellisesti vedetty pois luokasta ja l\u00e4hetetty v\u00e4kisin leirille ilman perhett\u00e4\u00e4n.     <\/p>\n<\/blockquote>\n\n<p><\/p>\n\n<h4 class=\"wp-block-heading has-black-color has-text-color has-link-color wp-elements-8ca832f2b140c3b951acdc401eeb2cac\"><strong>Molemmissa yhteyksiss\u00e4 kristillinen kasvatus ja tuki ovat elint\u00e4rkeit\u00e4. Lahjoituksillanne voimme tarjota: <\/strong><\/h4>\n\n<p><\/p>\n\n<ul class=\"wp-block-list\">\n<li><strong>Vertaistuki<\/strong>, joka auttaa lapsia saamaan yhteyden muihin, jotka jakavat heid\u00e4n uskonsa.<br\/><\/li>\n\n\n\n<li><strong>Raamattuun perustuva materiaali<\/strong>, joka on kulttuurisesti merkityksellist\u00e4 ja mukaansatempaavaa.<br\/><\/li>\n\n\n\n<li><strong>Digitaaliset ty\u00f6kalut<\/strong>, joiden avulla he voivat jatkaa oppimista ja rakentaa uskoaan my\u00f6s haastavissa olosuhteissa.<br\/><\/li>\n\n\n\n<li><strong>humanitaarista apua<\/strong> v\u00e4litt\u00f6mien tarpeiden tyydytt\u00e4miseksi, mukaan lukien l\u00e4mpim\u00e4t talvivaatteet, apua talojen l\u00e4mmitt\u00e4miseen talvella (monet perheet joutuvat valitsemaan ruokailun tai l\u00e4mmityksen v\u00e4lill\u00e4) ja s\u00e4\u00e4nn\u00f6lliset ateriat.<\/li>\n<\/ul>\n\n<p><\/p>\n\n<p class=\"has-vivid-red-color has-text-color has-link-color has-medium-font-size wp-elements-5906b504c631c8462a5a8510d1a61026\"><strong>Jokainen lahja auttaa meit\u00e4 tuomaan toivoa n\u00e4ille lapsille ja varmistamaan, etteiv\u00e4t he ole yksin ja ett\u00e4 heill\u00e4 on voimavaroja kasvaa suhteessaan Kristukseen.<\/strong><\/p>\n\n<p><\/p>\n\n<figure class=\"wp-block-embed is-type-video is-provider-youtube wp-block-embed-youtube wp-embed-aspect-16-9 wp-has-aspect-ratio\"><div class=\"wp-block-embed__wrapper\">\n<iframe loading=\"lazy\" title=\"\ud83c\udf84 Beaten at School for Celebrating Christmas?\" width=\"500\" height=\"281\" src=\"https:\/\/www.youtube.com\/embed\/U3MoPmF9HKw?feature=oembed\" frameborder=\"0\" allow=\"accelerometer; autoplay; clipboard-write; encrypted-media; gyroscope; picture-in-picture; web-share\" referrerpolicy=\"strict-origin-when-cross-origin\" allowfullscreen><\/iframe>\n<\/div><\/figure>\n\n<p><\/p>\n\n<p><\/p>\n\n<hr class=\"wp-block-separator has-alpha-channel-opacity\"\/>\n\n<div class=\"wp-block-group has-background\" style=\"background-color:#e9ebe9\"><div class=\"wp-block-group__inner-container is-layout-constrained wp-block-group-is-layout-constrained\">\n<h2 class=\"wp-block-heading has-black-color has-text-color has-link-color wp-elements-2e46210152cc3515fcf7fe16816270e0\"><strong>Miten lahjoituksesi vaikuttaa<\/strong><\/h2>\n\n\n\n<ul class=\"wp-block-list\">\n<li><strong>7 dollaria<\/strong> &#8211; Antaa aterian n\u00e4lk\u00e4iselle lapselle.<\/li>\n\n\n\n<li><strong>75 dollaria<\/strong> &#8211; Lahjoittaa lahjan apua tarvitsevalle lapselle (mukaan lukien talvivaatteet ja henkil\u00f6kohtaisia herkkuja).<\/li>\n\n\n\n<li><strong>350 dollaria<\/strong> &#8211; antaa l\u00e4mmityksen yhdelle kodille 3 kuukaudeksi talvella.<\/li>\n\n\n\n<li><strong>$470<\/strong> &#8211; Tarjoaa 6 viikon yhteis\u00f6llisen tuen 10 siirtym\u00e4\u00e4n joutuneen\/pakolaislapsen ryhm\u00e4lle, mukaan lukien runsaat ateriat, vertaistuki ja virkistystoimintaa.  <\/li>\n\n\n\n<li><strong>800 dollaria<\/strong> &#8211; Lahjoittaa 30-minuuttisen r\u00e4\u00e4t\u00e4l\u00f6idyn animaatio-ohjelman lapsille, jossa on kulttuurisesti merkityksellist\u00e4 raamatullista sis\u00e4lt\u00f6\u00e4.<\/li>\n\n\n\n<li><strong>1 500 dollaria<\/strong> &#8211; Tarjoaa 52 viikoittaista rukoustapahtumaa AV-linkin v\u00e4lityksell\u00e4 kaikille siirtym\u00e4\u00e4n joutuneille\/pakolaiskristityille lapsille eri puolilla Turkkia.<\/li>\n\n\n\n<li><strong>12 000 dollaria<\/strong> &#8211; antaa yhden vuoden ajan s\u00e4\u00e4nn\u00f6llisesti tuoretta musiikkia sek\u00e4 taidetta ja k\u00e4sit\u00f6it\u00e4 koskevaa sis\u00e4lt\u00f6\u00e4 verkkosivustolle ja k\u00e4ytett\u00e4v\u00e4ksi Iranin\/Afganistanin tiedotustapahtumissa.<\/li>\n<\/ul>\n\n\n\n<p><\/p>\n\n\n\n<p class=\"has-vivid-red-color has-text-color has-link-color has-medium-font-size wp-elements-4a8b4b5b954471b753d41f365eee05d2\"><strong>Lahjoituksesi suuruudesta riippumatta sill\u00e4 on voima muuttaa el\u00e4m\u00e4\u00e4.  <\/strong><\/p>\n\n\n\n<p class=\"has-black-color has-text-color has-link-color wp-elements-8a634dba5ae1033b10bccc64a3d1907a\"><strong>Sinun avullasi n\u00e4m\u00e4 lapset eiv\u00e4t ainoastaan kasva uskossa, vaan heist\u00e4 tulee my\u00f6s seuraava uskovien sukupolvi, joka seisoo vahvasti Kristuksen puolesta.<\/strong><\/p>\n<\/div><\/div>\n\n<div class=\"wp-block-columns is-layout-flex wp-container-core-columns-is-layout-9d6595d7 wp-block-columns-is-layout-flex\">\n<div class=\"wp-block-column is-layout-flow wp-block-column-is-layout-flow\" style=\"flex-basis:25%\">\n<figure class=\"wp-block-image size-large\"><img loading=\"lazy\" decoding=\"async\" width=\"720\" height=\"960\" src=\"https:\/\/transformiran.com\/app\/uploads\/2024\/11\/OCJ-2024_10-10-edited.jpg\" alt=\"\" class=\"wp-image-26693\" srcset=\"https:\/\/transformiran.com\/app\/uploads\/2024\/11\/OCJ-2024_10-10-edited.jpg 720w, https:\/\/transformiran.com\/app\/uploads\/2024\/11\/OCJ-2024_10-10-edited-225x300.jpg 225w\" sizes=\"auto, (max-width: 720px) 100vw, 720px\" \/><\/figure>\n<\/div>\n\n\n\n<div class=\"wp-block-column is-layout-flow wp-block-column-is-layout-flow\" style=\"flex-basis:50%\">\n<figure class=\"wp-block-image size-large\"><img loading=\"lazy\" decoding=\"async\" width=\"1280\" height=\"853\" src=\"https:\/\/transformiran.com\/app\/uploads\/2024\/11\/OCJ-2024_10-1-1-edited.jpg\" alt=\"\" class=\"wp-image-26707\" srcset=\"https:\/\/transformiran.com\/app\/uploads\/2024\/11\/OCJ-2024_10-1-1-edited.jpg 1280w, https:\/\/transformiran.com\/app\/uploads\/2024\/11\/OCJ-2024_10-1-1-edited-300x200.jpg 300w, https:\/\/transformiran.com\/app\/uploads\/2024\/11\/OCJ-2024_10-1-1-edited-1024x682.jpg 1024w, https:\/\/transformiran.com\/app\/uploads\/2024\/11\/OCJ-2024_10-1-1-edited-768x512.jpg 768w\" sizes=\"auto, (max-width: 1280px) 100vw, 1280px\" \/><\/figure>\n<\/div>\n\n\n\n<div class=\"wp-block-column is-layout-flow wp-block-column-is-layout-flow\" style=\"flex-basis:25%\">\n<figure class=\"wp-block-image size-large\"><img loading=\"lazy\" decoding=\"async\" width=\"576\" height=\"768\" src=\"https:\/\/transformiran.com\/app\/uploads\/2024\/11\/OCJ-2024_10-9-edited.jpg\" alt=\"\" class=\"wp-image-26700\" srcset=\"https:\/\/transformiran.com\/app\/uploads\/2024\/11\/OCJ-2024_10-9-edited.jpg 576w, https:\/\/transformiran.com\/app\/uploads\/2024\/11\/OCJ-2024_10-9-edited-225x300.jpg 225w\" sizes=\"auto, (max-width: 576px) 100vw, 576px\" \/><\/figure>\n<\/div>\n<\/div>\n\n<p class=\"has-black-color has-text-color has-link-color wp-elements-9ac00cf961d1ea846fe5a532228b76c6\"><\/p>\n\n<hr class=\"wp-block-separator has-alpha-channel-opacity\"\/>\n\n<h2 class=\"wp-block-heading\"><strong>Tule mukaan tavoittamaan Iranin lapsia<\/strong><\/h2>\n\n<p>N\u00e4m\u00e4 lapset ovat kriittisess\u00e4 i\u00e4ss\u00e4, jossa he muodostavat maailmankuvaansa, tekev\u00e4t tulevaisuuttaan koskevia valintoja ja l\u00f6yt\u00e4v\u00e4t identiteettins\u00e4. Yhdess\u00e4 voimme tarjota heille uskon perustan, joka vaikuttaa heihin koko el\u00e4m\u00e4n ajan. <\/p>\n\n<p><\/p>\n\n<p class=\"has-vivid-red-color has-text-color has-link-color has-medium-font-size wp-elements-bfd33813ff3f9c964cf02817ee7706f1\"><strong>Autatko meit\u00e4 t\u00e4n\u00e4 lahjoituskautena antamaan n\u00e4ille kristityille iranilaislapsille voimavaroja, jotta he voivat pysy\u00e4 vahvana?<\/strong><\/p>\n\n<div class=\"wp-block-buttons is-layout-flex wp-block-buttons-is-layout-flex\">\n<div class=\"wp-block-button\"><a class=\"wp-block-button__link has-white-color has-vivid-red-background-color has-text-color has-background has-link-color wp-element-button\" href=\"https:\/\/transformiran.com\/fi\/donate\/\"><strong>Lahjoita nyt<\/strong><\/a><\/div>\n<\/div>\n\n<p>Auta antamaan n\u00e4ille lapsille v\u00e4lineet, joita he tarvitsevat kasvaakseen uskossaan, rakentaakseen pysyvi\u00e4 suhteita muihin uskoviin ja tullakseen rohkeiksi Kristuksen todistajiksi yhteis\u00f6iss\u00e4\u00e4n.<\/p>\n\n<p><\/p>\n\n<hr class=\"wp-block-separator has-alpha-channel-opacity\"\/>\n\n<div class=\"wp-block-columns has-background is-layout-flex wp-container-core-columns-is-layout-9d6595d7 wp-block-columns-is-layout-flex\" style=\"background-color:#e9ebe9\">\n<div class=\"wp-block-column is-layout-flow wp-block-column-is-layout-flow\" style=\"flex-basis:100%\">\n<div class=\"wp-block-group\"><div class=\"wp-block-group__inner-container is-layout-constrained wp-block-group-is-layout-constrained\">\n<h2 class=\"wp-block-heading\"><strong>Tukesi muuttaa el\u00e4m\u00e4\u00e4<\/strong><\/h2>\n\n\n\n<p>Transform Iran on vuosikymmenten kokemus farsinkielisten muslimien tavoittamisesta ja heid\u00e4n voimaannuttamisestaan el\u00e4\u00e4 uskossaan vaikeissa olosuhteissa. Nyt keskitymme seuraavaan sukupolveen &#8211; varmistamme, ett\u00e4 lapset saavat tukea, koulutusta ja yhteis\u00f6\u00e4, joita he tarvitsevat kasvaakseen Kristuksessa. <\/p>\n\n\n\n<p><\/p>\n\n\n\n<p class=\"has-text-color has-link-color has-medium-font-size wp-elements-a8c804cd48ba07fd0019001e5753fc1e\" style=\"color:#b38e44\"><strong>Jokaisella lahjalla on merkityst\u00e4. Jokaisella lapsella on merkityst\u00e4. <\/strong><\/p>\n\n\n\n<p><\/p>\n\n\n\n<p>Tukesi auttaa meit\u00e4 tarjoamaan resursseja ja tukea, joita n\u00e4m\u00e4 lapset tarvitsevat kipe\u00e4sti pysy\u00e4kseen vahvana uskossaan.<\/p>\n\n\n\n<div class=\"wp-block-buttons is-layout-flex wp-block-buttons-is-layout-flex\">\n<div class=\"wp-block-button\"><a class=\"wp-block-button__link has-white-color has-vivid-red-background-color has-text-color has-background has-link-color wp-element-button\" href=\"https:\/\/transformiran.com\/fi\/donate\/\"><strong>Lahjoita nyt<\/strong><\/a><\/div>\n<\/div>\n\n\n\n<p class=\"has-vivid-red-color has-text-color has-link-color has-medium-font-size wp-elements-180adcf9bb30a145c872b0ff5599f01f\"><strong>Auta vahvistamaan kristittyjen iranilaislasten vaikutusmahdollisuuksia ja ole osa liikett\u00e4, joka muuttaa Iranin tulevaisuutta.<\/strong><\/p>\n\n\n\n<p><\/p>\n<\/div><\/div>\n<\/div>\n<\/div>\n\n<hr class=\"wp-block-separator has-alpha-channel-opacity\"\/>\n\n<h2 class=\"wp-block-heading\"><strong>Kiitos anteliaisuudestanne<\/strong><\/h2>\n\n<p><strong>Tukesi avulla saamme aikaan pysyv\u00e4\u00e4 muutosta Iranin ja ymp\u00e4r\u00f6ivien pakolaisyhteis\u00f6jen lapsille. Yhdess\u00e4 voimme luoda uskovien sukupolven, joka pysyy lujana uskossaan ja jakaa rohkeasti Kristuksen rakkautta maailman kanssa. <\/strong><\/p>\n\n<hr class=\"wp-block-separator has-alpha-channel-opacity\"\/>\n\n<p><\/p>\n\n<p><a href=\"https:\/\/transformiran.com\/fi\/meidan-tyomme\/lasten-tavoittaminen\/\">Lue lis\u00e4\u00e4 ty\u00f6st\u00e4mme Iranin lasten tavoittamiseksi.<\/a><\/p>\n\n<p><\/p>\n","protected":false},"excerpt":{"rendered":"<p>Ajattelisitko t\u00e4n\u00e4 lahjoituskautena Iranin lapsia? Tarve on kiireellinen. Vaikutus on ikuinen. Iranin lapsilla on edess\u00e4\u00e4n ennenn\u00e4kem\u00e4tt\u00f6mi\u00e4 haasteita. Sortohallinnosta kasvavaan k\u00f6yhyyteen ja sodan tuhoisiin vaikutuksiin n\u00e4m\u00e4 nuoret syd\u00e4met tarvitsevat toivon ja rakkauden perustan. Monet n\u00e4ist\u00e4 lapsista &#8211; sek\u00e4 Iranissa ett\u00e4 pakolaisina naapurimaissa &#8211; k\u00e4\u00e4ntyv\u00e4t Kristuksen puoleen ja l\u00f6yt\u00e4v\u00e4t voimaa h\u00e4nen sanomastaan. He tarvitsevat kuitenkin apuamme kasvaakseen [&hellip;]<\/p>\n","protected":false},"author":6,"featured_media":26629,"parent":0,"menu_order":0,"comment_status":"closed","ping_status":"closed","template":"page-basic.php","meta":{"_acf_changed":false,"give_campaign_id":0,"om_disable_all_campaigns":false,"_mi_skip_tracking":false,"footnotes":""},"class_list":["post-26734","page","type-page","status-publish","has-post-thumbnail","hentry"],"acf":[],"yoast_head":"<!-- This site is optimized with the Yoast SEO plugin v27.3 - https:\/\/yoast.com\/product\/yoast-seo-wordpress\/ -->\n<title>T\u00e4n\u00e4 jouluna: Iranin lasten kanssa - Transform Iran<\/title>\n<meta name=\"robots\" content=\"index, follow, max-snippet:-1, max-image-preview:large, max-video-preview:-1\" \/>\n<link rel=\"canonical\" href=\"https:\/\/transformiran.com\/fi\/tana-jouluna-iranin-lasten-kanssa\/\" \/>\n<meta property=\"og:locale\" content=\"fi_FI\" \/>\n<meta property=\"og:type\" content=\"article\" \/>\n<meta property=\"og:title\" content=\"T\u00e4n\u00e4 jouluna: Iranin lasten kanssa - Transform Iran\" \/>\n<meta property=\"og:description\" content=\"Ajattelisitko t\u00e4n\u00e4 lahjoituskautena Iranin lapsia? Tarve on kiireellinen. Vaikutus on ikuinen. Iranin lapsilla on edess\u00e4\u00e4n ennenn\u00e4kem\u00e4tt\u00f6mi\u00e4 haasteita. Sortohallinnosta kasvavaan k\u00f6yhyyteen ja sodan tuhoisiin vaikutuksiin n\u00e4m\u00e4 nuoret syd\u00e4met tarvitsevat toivon ja rakkauden perustan. Monet n\u00e4ist\u00e4 lapsista &#8211; sek\u00e4 Iranissa ett\u00e4 pakolaisina naapurimaissa &#8211; k\u00e4\u00e4ntyv\u00e4t Kristuksen puoleen ja l\u00f6yt\u00e4v\u00e4t voimaa h\u00e4nen sanomastaan. He tarvitsevat kuitenkin apuamme kasvaakseen [&hellip;]\" \/>\n<meta property=\"og:url\" content=\"https:\/\/transformiran.com\/fi\/tana-jouluna-iranin-lasten-kanssa\/\" \/>\n<meta property=\"og:site_name\" content=\"Transform Iran\" \/>\n<meta property=\"article:publisher\" content=\"https:\/\/www.facebook.com\/222MinistriesUSAInc\" \/>\n<meta property=\"article:modified_time\" content=\"2025-04-02T10:04:18+00:00\" \/>\n<meta property=\"og:image\" content=\"https:\/\/transformiran.com\/app\/uploads\/2024\/11\/shutterstock_659053195-scaled.jpg\" \/>\n\t<meta property=\"og:image:width\" content=\"3000\" \/>\n\t<meta property=\"og:image:height\" content=\"2000\" \/>\n\t<meta property=\"og:image:type\" content=\"image\/jpeg\" \/>\n<meta name=\"twitter:card\" content=\"summary_large_image\" \/>\n<meta name=\"twitter:site\" content=\"@222minint\" \/>\n<meta name=\"twitter:label1\" content=\"Est. reading time\" \/>\n\t<meta name=\"twitter:data1\" content=\"4 minutes\" \/>\n<script type=\"application\/ld+json\" class=\"yoast-schema-graph\">{\"@context\":\"https:\\\/\\\/schema.org\",\"@graph\":[{\"@type\":\"WebPage\",\"@id\":\"https:\\\/\\\/transformiran.com\\\/fi\\\/tana-jouluna-iranin-lasten-kanssa\\\/\",\"url\":\"https:\\\/\\\/transformiran.com\\\/fi\\\/tana-jouluna-iranin-lasten-kanssa\\\/\",\"name\":\"T\u00e4n\u00e4 jouluna: Iranin lasten kanssa - Transform Iran\",\"isPartOf\":{\"@id\":\"https:\\\/\\\/transformiran.com\\\/fi\\\/#website\"},\"primaryImageOfPage\":{\"@id\":\"https:\\\/\\\/transformiran.com\\\/fi\\\/tana-jouluna-iranin-lasten-kanssa\\\/#primaryimage\"},\"image\":{\"@id\":\"https:\\\/\\\/transformiran.com\\\/fi\\\/tana-jouluna-iranin-lasten-kanssa\\\/#primaryimage\"},\"thumbnailUrl\":\"https:\\\/\\\/transformiran.com\\\/app\\\/uploads\\\/2024\\\/11\\\/shutterstock_659053195-scaled.jpg\",\"datePublished\":\"2024-11-08T02:32:46+00:00\",\"dateModified\":\"2025-04-02T10:04:18+00:00\",\"breadcrumb\":{\"@id\":\"https:\\\/\\\/transformiran.com\\\/fi\\\/tana-jouluna-iranin-lasten-kanssa\\\/#breadcrumb\"},\"inLanguage\":\"fi\",\"potentialAction\":[{\"@type\":\"ReadAction\",\"target\":[\"https:\\\/\\\/transformiran.com\\\/fi\\\/tana-jouluna-iranin-lasten-kanssa\\\/\"]}]},{\"@type\":\"ImageObject\",\"inLanguage\":\"fi\",\"@id\":\"https:\\\/\\\/transformiran.com\\\/fi\\\/tana-jouluna-iranin-lasten-kanssa\\\/#primaryimage\",\"url\":\"https:\\\/\\\/transformiran.com\\\/app\\\/uploads\\\/2024\\\/11\\\/shutterstock_659053195-scaled.jpg\",\"contentUrl\":\"https:\\\/\\\/transformiran.com\\\/app\\\/uploads\\\/2024\\\/11\\\/shutterstock_659053195-scaled.jpg\",\"width\":3000,\"height\":2000},{\"@type\":\"BreadcrumbList\",\"@id\":\"https:\\\/\\\/transformiran.com\\\/fi\\\/tana-jouluna-iranin-lasten-kanssa\\\/#breadcrumb\",\"itemListElement\":[{\"@type\":\"ListItem\",\"position\":1,\"name\":\"Home\",\"item\":\"https:\\\/\\\/transformiran.com\\\/fi\\\/home\\\/\"},{\"@type\":\"ListItem\",\"position\":2,\"name\":\"T\u00e4n\u00e4 jouluna: Iranin lasten kanssa\"}]},{\"@type\":\"WebSite\",\"@id\":\"https:\\\/\\\/transformiran.com\\\/fi\\\/#website\",\"url\":\"https:\\\/\\\/transformiran.com\\\/fi\\\/\",\"name\":\"Transform Iran\",\"description\":\"Bringing the love and power of Christ to Iran - and beyond\",\"publisher\":{\"@id\":\"https:\\\/\\\/transformiran.com\\\/fi\\\/#organization\"},\"potentialAction\":[{\"@type\":\"SearchAction\",\"target\":{\"@type\":\"EntryPoint\",\"urlTemplate\":\"https:\\\/\\\/transformiran.com\\\/fi\\\/?s={search_term_string}\"},\"query-input\":{\"@type\":\"PropertyValueSpecification\",\"valueRequired\":true,\"valueName\":\"search_term_string\"}}],\"inLanguage\":\"fi\"},{\"@type\":\"Organization\",\"@id\":\"https:\\\/\\\/transformiran.com\\\/fi\\\/#organization\",\"name\":\"Transform Iran\",\"url\":\"https:\\\/\\\/transformiran.com\\\/fi\\\/\",\"logo\":{\"@type\":\"ImageObject\",\"inLanguage\":\"fi\",\"@id\":\"https:\\\/\\\/transformiran.com\\\/fi\\\/#\\\/schema\\\/logo\\\/image\\\/\",\"url\":\"https:\\\/\\\/transformiran.com\\\/app\\\/uploads\\\/2022\\\/11\\\/logo_grey.jpg\",\"contentUrl\":\"https:\\\/\\\/transformiran.com\\\/app\\\/uploads\\\/2022\\\/11\\\/logo_grey.jpg\",\"width\":528,\"height\":90,\"caption\":\"Transform Iran\"},\"image\":{\"@id\":\"https:\\\/\\\/transformiran.com\\\/fi\\\/#\\\/schema\\\/logo\\\/image\\\/\"},\"sameAs\":[\"https:\\\/\\\/www.facebook.com\\\/222MinistriesUSAInc\",\"https:\\\/\\\/x.com\\\/222minint\",\"https:\\\/\\\/www.instagram.com\\\/222ministriesinternational\\\/\"]}]}<\/script>\n<!-- \/ Yoast SEO plugin. -->","yoast_head_json":{"title":"T\u00e4n\u00e4 jouluna: Iranin lasten kanssa - Transform Iran","robots":{"index":"index","follow":"follow","max-snippet":"max-snippet:-1","max-image-preview":"max-image-preview:large","max-video-preview":"max-video-preview:-1"},"canonical":"https:\/\/transformiran.com\/fi\/tana-jouluna-iranin-lasten-kanssa\/","og_locale":"fi_FI","og_type":"article","og_title":"T\u00e4n\u00e4 jouluna: Iranin lasten kanssa - Transform Iran","og_description":"Ajattelisitko t\u00e4n\u00e4 lahjoituskautena Iranin lapsia? Tarve on kiireellinen. Vaikutus on ikuinen. Iranin lapsilla on edess\u00e4\u00e4n ennenn\u00e4kem\u00e4tt\u00f6mi\u00e4 haasteita. Sortohallinnosta kasvavaan k\u00f6yhyyteen ja sodan tuhoisiin vaikutuksiin n\u00e4m\u00e4 nuoret syd\u00e4met tarvitsevat toivon ja rakkauden perustan. Monet n\u00e4ist\u00e4 lapsista &#8211; sek\u00e4 Iranissa ett\u00e4 pakolaisina naapurimaissa &#8211; k\u00e4\u00e4ntyv\u00e4t Kristuksen puoleen ja l\u00f6yt\u00e4v\u00e4t voimaa h\u00e4nen sanomastaan. He tarvitsevat kuitenkin apuamme kasvaakseen [&hellip;]","og_url":"https:\/\/transformiran.com\/fi\/tana-jouluna-iranin-lasten-kanssa\/","og_site_name":"Transform Iran","article_publisher":"https:\/\/www.facebook.com\/222MinistriesUSAInc","article_modified_time":"2025-04-02T10:04:18+00:00","og_image":[{"width":3000,"height":2000,"url":"https:\/\/transformiran.com\/app\/uploads\/2024\/11\/shutterstock_659053195-scaled.jpg","type":"image\/jpeg"}],"twitter_card":"summary_large_image","twitter_site":"@222minint","twitter_misc":{"Est. reading time":"4 minutes"},"schema":{"@context":"https:\/\/schema.org","@graph":[{"@type":"WebPage","@id":"https:\/\/transformiran.com\/fi\/tana-jouluna-iranin-lasten-kanssa\/","url":"https:\/\/transformiran.com\/fi\/tana-jouluna-iranin-lasten-kanssa\/","name":"T\u00e4n\u00e4 jouluna: Iranin lasten kanssa - Transform Iran","isPartOf":{"@id":"https:\/\/transformiran.com\/fi\/#website"},"primaryImageOfPage":{"@id":"https:\/\/transformiran.com\/fi\/tana-jouluna-iranin-lasten-kanssa\/#primaryimage"},"image":{"@id":"https:\/\/transformiran.com\/fi\/tana-jouluna-iranin-lasten-kanssa\/#primaryimage"},"thumbnailUrl":"https:\/\/transformiran.com\/app\/uploads\/2024\/11\/shutterstock_659053195-scaled.jpg","datePublished":"2024-11-08T02:32:46+00:00","dateModified":"2025-04-02T10:04:18+00:00","breadcrumb":{"@id":"https:\/\/transformiran.com\/fi\/tana-jouluna-iranin-lasten-kanssa\/#breadcrumb"},"inLanguage":"fi","potentialAction":[{"@type":"ReadAction","target":["https:\/\/transformiran.com\/fi\/tana-jouluna-iranin-lasten-kanssa\/"]}]},{"@type":"ImageObject","inLanguage":"fi","@id":"https:\/\/transformiran.com\/fi\/tana-jouluna-iranin-lasten-kanssa\/#primaryimage","url":"https:\/\/transformiran.com\/app\/uploads\/2024\/11\/shutterstock_659053195-scaled.jpg","contentUrl":"https:\/\/transformiran.com\/app\/uploads\/2024\/11\/shutterstock_659053195-scaled.jpg","width":3000,"height":2000},{"@type":"BreadcrumbList","@id":"https:\/\/transformiran.com\/fi\/tana-jouluna-iranin-lasten-kanssa\/#breadcrumb","itemListElement":[{"@type":"ListItem","position":1,"name":"Home","item":"https:\/\/transformiran.com\/fi\/home\/"},{"@type":"ListItem","position":2,"name":"T\u00e4n\u00e4 jouluna: Iranin lasten kanssa"}]},{"@type":"WebSite","@id":"https:\/\/transformiran.com\/fi\/#website","url":"https:\/\/transformiran.com\/fi\/","name":"Transform Iran","description":"Bringing the love and power of Christ to Iran - and beyond","publisher":{"@id":"https:\/\/transformiran.com\/fi\/#organization"},"potentialAction":[{"@type":"SearchAction","target":{"@type":"EntryPoint","urlTemplate":"https:\/\/transformiran.com\/fi\/?s={search_term_string}"},"query-input":{"@type":"PropertyValueSpecification","valueRequired":true,"valueName":"search_term_string"}}],"inLanguage":"fi"},{"@type":"Organization","@id":"https:\/\/transformiran.com\/fi\/#organization","name":"Transform Iran","url":"https:\/\/transformiran.com\/fi\/","logo":{"@type":"ImageObject","inLanguage":"fi","@id":"https:\/\/transformiran.com\/fi\/#\/schema\/logo\/image\/","url":"https:\/\/transformiran.com\/app\/uploads\/2022\/11\/logo_grey.jpg","contentUrl":"https:\/\/transformiran.com\/app\/uploads\/2022\/11\/logo_grey.jpg","width":528,"height":90,"caption":"Transform Iran"},"image":{"@id":"https:\/\/transformiran.com\/fi\/#\/schema\/logo\/image\/"},"sameAs":["https:\/\/www.facebook.com\/222MinistriesUSAInc","https:\/\/x.com\/222minint","https:\/\/www.instagram.com\/222ministriesinternational\/"]}]}},"campaignId":"","_links":{"self":[{"href":"https:\/\/transformiran.com\/fi\/wp-json\/wp\/v2\/pages\/26734","targetHints":{"allow":["GET"]}}],"collection":[{"href":"https:\/\/transformiran.com\/fi\/wp-json\/wp\/v2\/pages"}],"about":[{"href":"https:\/\/transformiran.com\/fi\/wp-json\/wp\/v2\/types\/page"}],"author":[{"embeddable":true,"href":"https:\/\/transformiran.com\/fi\/wp-json\/wp\/v2\/users\/6"}],"replies":[{"embeddable":true,"href":"https:\/\/transformiran.com\/fi\/wp-json\/wp\/v2\/comments?post=26734"}],"version-history":[{"count":0,"href":"https:\/\/transformiran.com\/fi\/wp-json\/wp\/v2\/pages\/26734\/revisions"}],"wp:featuredmedia":[{"embeddable":true,"href":"https:\/\/transformiran.com\/fi\/wp-json\/wp\/v2\/media\/26629"}],"wp:attachment":[{"href":"https:\/\/transformiran.com\/fi\/wp-json\/wp\/v2\/media?parent=26734"}],"curies":[{"name":"wp","href":"https:\/\/api.w.org\/{rel}","templated":true}]}}